{"id":1415,"date":"2021-11-23T12:22:09","date_gmt":"2021-11-23T12:22:09","guid":{"rendered":"https:\/\/selys-milonguero.tango-events.be\/?page_id=978"},"modified":"2024-10-10T17:37:36","modified_gmt":"2024-10-10T17:37:36","slug":"travel","status":"publish","type":"page","link":"https:\/\/selysmilonguero.be\/?page_id=1415","title":{"rendered":"Travel"},"content":{"rendered":"\t\t<div data-elementor-type=\"wp-page\" data-elementor-id=\"1415\" class=\"elementor elementor-1415\">\n\t\t\t\t\t\t<section class=\"elementor-section elementor-top-section elementor-element elementor-element-fb3f7f4 elementor-section-boxed elementor-section-height-default elementor-section-height-default\" data-id=\"fb3f7f4\" data-element_type=\"section\" data-e-type=\"section\">\n\t\t\t\t\t\t<div class=\"elementor-container elementor-column-gap-default\">\n\t\t\t\t\t<div class=\"elementor-column elementor-col-100 elementor-top-column elementor-element elementor-element-a3346a2\" data-id=\"a3346a2\" data-element_type=\"column\" data-e-type=\"column\">\n\t\t\t<div class=\"elementor-widget-wrap elementor-element-populated\">\n\t\t\t\t\t\t<section class=\"elementor-section elementor-inner-section elementor-element elementor-element-56e0d0f elementor-section-boxed elementor-section-height-default elementor-section-height-default\" data-id=\"56e0d0f\" data-element_type=\"section\" data-e-type=\"section\">\n\t\t\t\t\t\t<div class=\"elementor-container elementor-column-gap-default\">\n\t\t\t\t\t<div class=\"elementor-column elementor-col-50 elementor-inner-column elementor-element elementor-element-53415b1\" data-id=\"53415b1\" data-element_type=\"column\" data-e-type=\"column\">\n\t\t\t<div class=\"elementor-widget-wrap elementor-element-populated\">\n\t\t\t\t\t\t<div class=\"elementor-element elementor-element-7b289a1 elementor-widget elementor-widget-text-editor\" data-id=\"7b289a1\" data-element_type=\"widget\" data-e-type=\"widget\" data-widget_type=\"text-editor.default\">\n\t\t\t\t<div class=\"elementor-widget-container\">\n\t\t\t\t\t\t\t\t\t<div class=\"hp_location_block__section_container\" style=\"break-inside: avoid-column; margin-bottom: 40px; color: #262626; font-family: BlinkMacSystemFont, -apple-system,;\"><div class=\"bui-title bui-title--strong_1 bui-spacer--large\" style=\"display: flex; -webkit-box-orient: vertical; -webkit-box-direction: normal; flex-direction: column; margin-bottom: 16px !important;\"><span class=\"bui-title__text\" style=\"font-size: 16px; font-weight: bold; line-height: 24px; margin: 0px;\">\u00a0Public transport.<\/span><\/div><div class=\"bui-list__body\" style=\"margin: 0px; -webkit-box-flex: 1; flex: 1 1 0%; display: flex; -webkit-box-align: center; align-items: center;\"><div class=\"bui-list__description\" style=\"-webkit-box-flex: 1; flex: 1 1 0%;\"><a href=\"https:\/\/www.b-europe.com\/EN\/Stations\/Liege-Guillemins\"><span class=\"hp_location_block__section_list_key_tag\">Train\u00a0<\/span> Liege-Guillemin<\/a>\u00a0 \u00a0 \u00a0 \u00a0 \u00a0 \u00a0 \u00a0 \u00a0 \u00a0 \u00a0 \u00a0 \u00a0 2.5 km<\/div><div>\u00a0<\/div><\/div><div>\u00a0<\/div><div><a href=\"http:\/\/www.belgianrail.be\/en\/stations-and-train\/search-a-station\/15\/liege-palais.aspx\">Train Liege-Saint-Lambert<\/a>\u00a0 \u00a0 \u00a0 \u00a0 \u00a0 \u00a0 \u00a0 \u00a0 0.3 km<\/div><div>\u00a0<\/div><p><a href=\"https:\/\/www.thetrainline.com\/en\/train-times\/brussels-airport-zaventem-to-liege-guillemins\">Brussels-airport to-Liege-Guillemin<\/a><\/p><p><a href=\"https:\/\/www.thetrainline.com\/en\/train-times\/liege-guillemins-to-charleroi-sud\">Charleroi airport to-Liege-Guillemins\u00a0<\/a><\/p><p><a href=\"https:\/\/www.flibco.com\/en\/shuttle-liege-charleroi-bus\">Charleroi airport to-Liege by bus<\/a><\/p><p><span style=\"font-weight: bold;\">Closest airports<\/span><\/p><p><span class=\"cMaQA\"><a href=\"https:\/\/www.thetrainline.com\/en\/train-times\/brussels-airport-zaventem-to-liege-guillemins\">Brussels-airport<\/a><a href=\"https:\/\/www.brusselsairport.be\/en\/passengers\/destinations\"> Zaventem<\/a>\u00a0 \u00a0 \u00a0 \u00a0 \u00a0 \u00a0 \u00a0 <\/span><span class=\"tower P q\"><span class=\"dcPtR\"><span class=\"number\">81<\/span>\u00a0<span class=\"unit\">km<\/span><\/span><\/span><\/p><p><a href=\"https:\/\/www.brussels-charleroi-airport.com\/en\/flights\/live\">Charleroi airport<\/a>\u00a0\u00a0 \u00a0 \u00a0 \u00a0 \u00a0 \u00a0 \u00a0 \u00a0 \u00a0 \u00a0 \u00a0 \u00a0 \u00a0 \u00a0 \u00a0 \u00a0 79.7 km<\/p><\/div>\t\t\t\t\t\t\t\t<\/div>\n\t\t\t\t<\/div>\n\t\t\t\t\t<\/div>\n\t\t<\/div>\n\t\t\t\t<div class=\"elementor-column elementor-col-50 elementor-inner-column elementor-element elementor-element-4942609\" data-id=\"4942609\" data-element_type=\"column\" data-e-type=\"column\">\n\t\t\t<div class=\"elementor-widget-wrap elementor-element-populated\">\n\t\t\t\t\t\t<div class=\"elementor-element elementor-element-3ed0de4 elementor-widget elementor-widget-text-editor\" data-id=\"3ed0de4\" data-element_type=\"widget\" data-e-type=\"widget\" data-widget_type=\"text-editor.default\">\n\t\t\t\t<div class=\"elementor-widget-container\">\n\t\t\t\t\t\t\t\t\t<div class=\"hp_location_block__content_container\"><div class=\"hp_location_block__section_container\"><div class=\"bui-title bui-title--strong_1 bui-spacer--large\"><span class=\"bui-title__text\"><strong>What&#8217;s nearby.<\/strong><\/span><\/div><div class=\"bui-list__body\"><div class=\"bui-list__description\">\u00a0<\/div><div class=\"bui-list__description\"><a href=\"https:\/\/www.ilot-shopping.be\/\">Ilot St Michel shopping\u00a0 \u00a0 \u00a0<\/a>0.3 km<\/div><div class=\"bui-list__description\">\u00a0<\/div><\/div><div class=\"bui-list__body\"><div class=\"bui-list__description\"><a href=\"https:\/\/www.operaliege.be\/en\/\">Royal Opera of Wallonia\u00a0<\/a><span style=\"color: #000000;\">\u00a0 \u00a00.3<\/span>km<\/div><div class=\"bui-list__description\">\u00a0<\/div><\/div><div class=\"bui-list__body\"><div class=\"bui-list__description\"><a href=\"https:\/\/www.visitezliege.be\/en\/offre\/palais-des-princes-eveques\">Prince-Bishops&#8217; Palace of Liege\u00a0 <\/a>0.3 km<\/div><div class=\"bui-list__description\">\u00a0<\/div><\/div><div class=\"bui-list__body\"><div class=\"bui-list__description\"><a href=\"https:\/\/galeries-st-lambert.be\/nl\/home-nederlands\/\">Les Galeries Saint-Lambert<\/a>\u00a0 \u00a0 \u00a0 \u00a0 \u00a0\u00a0<span style=\"background-color: inherit; font-size: inherit; text-align: inherit; font-style: var(--fontStyle, inherit); letter-spacing: var(--letterSpacing); text-transform: var(--textTransform);\">0.4 km<\/span><\/div><div>\u00a0<\/div><\/div><div class=\"bui-list__body\"><div class=\"bui-list__description\"><a href=\"https:\/\/www.liege.be\/en\/discover\/open-air\/the-squares\/place-saint-lambert\/place-saint-lambert?set_language=en\">Saint-Lambert Square<\/a>\u00a0 \u00a0 \u00a0 \u00a0 \u00a0 \u00a0 \u00a0 \u00a0 \u00a0 \u00a0 0.4 km<\/div><\/div><\/div><\/div><div class=\"bui-list__description\">\u00a0<\/div><div class=\"hp_location_block__content_container\"><div class=\"hp_location_block__section_container\"><div class=\"bui-list__body\"><div class=\"bui-list__description\">\u00a0<\/div><\/div><\/div><\/div><div class=\"small_text_legal_disclaimer\"><div>* All distances are measured in straight lines. Actual travel distances may vary.<\/div><\/div>\t\t\t\t\t\t\t\t<\/div>\n\t\t\t\t<\/div>\n\t\t\t\t\t<\/div>\n\t\t<\/div>\n\t\t\t\t\t<\/div>\n\t\t<\/section>\n\t\t\t\t\t<\/div>\n\t\t<\/div>\n\t\t\t\t\t<\/div>\n\t\t<\/section>\n\t\t\t\t<\/div>\n\t\t","protected":false},"excerpt":{"rendered":"<p>\u00a0Public transport.Train\u00a0 Liege-Guillemin\u00a0 \u00a0 \u00a0 \u00a0 \u00a0 \u00a0 \u00a0 \u00a0 \u00a0 \u00a0 \u00a0 \u00a0 2.5 km\u00a0\u00a0Train Liege-Saint-Lambert\u00a0 \u00a0 \u00a0 \u00a0 \u00a0 \u00a0 \u00a0 \u00a0 0.3 km\u00a0 Brussels-airport to-Liege-Guillemin Charleroi airport to-Liege-Guillemins\u00a0 Charleroi airport to-Liege by bus Closest airports Brussels-airport Zaventem\u00a0 \u00a0 \u00a0 \u00a0 \u00a0 \u00a0 \u00a0 81\u00a0km Charleroi airport\u00a0\u00a0 \u00a0 \u00a0 \u00a0 \u00a0 \u00a0 \u00a0 &hellip; <\/p>\n<p class=\"link-more\"><a href=\"https:\/\/selysmilonguero.be\/?page_id=1415\" class=\"more-link\">Continue reading<span class=\"screen-reader-text\"> &#8220;Travel&#8221;<\/span><\/a><\/p>\n","protected":false},"author":1,"featured_media":2311,"parent":0,"menu_order":0,"comment_status":"closed","ping_status":"closed","template":"","meta":{"footnotes":""},"class_list":["post-1415","page","type-page","status-publish","has-post-thumbnail","hentry"],"yoast_head":"<!-- This site is optimized with the Yoast SEO plugin v27.2 - https:\/\/yoast.com\/product\/yoast-seo-wordpress\/ -->\n<title>Travel - S\u00e9lys Milonguero<\/title>\n<meta name=\"robots\" content=\"index, follow, max-snippet:-1, max-image-preview:large, max-video-preview:-1\" \/>\n<link rel=\"canonical\" href=\"https:\/\/selysmilonguero.be\/?page_id=1415\" \/>\n<meta property=\"og:locale\" content=\"en_US\" \/>\n<meta property=\"og:type\" content=\"article\" \/>\n<meta property=\"og:title\" content=\"Travel - S\u00e9lys Milonguero\" \/>\n<meta property=\"og:description\" content=\"\u00a0Public transport.Train\u00a0 Liege-Guillemin\u00a0 \u00a0 \u00a0 \u00a0 \u00a0 \u00a0 \u00a0 \u00a0 \u00a0 \u00a0 \u00a0 \u00a0 2.5 km\u00a0\u00a0Train Liege-Saint-Lambert\u00a0 \u00a0 \u00a0 \u00a0 \u00a0 \u00a0 \u00a0 \u00a0 0.3 km\u00a0 Brussels-airport to-Liege-Guillemin Charleroi airport to-Liege-Guillemins\u00a0 Charleroi airport to-Liege by bus Closest airports Brussels-airport Zaventem\u00a0 \u00a0 \u00a0 \u00a0 \u00a0 \u00a0 \u00a0 81\u00a0km Charleroi airport\u00a0\u00a0 \u00a0 \u00a0 \u00a0 \u00a0 \u00a0 \u00a0 &hellip; Continue reading &quot;Travel&quot;\" \/>\n<meta property=\"og:url\" content=\"https:\/\/selysmilonguero.be\/?page_id=1415\" \/>\n<meta property=\"og:site_name\" content=\"S\u00e9lys Milonguero\" \/>\n<meta property=\"article:modified_time\" content=\"2024-10-10T17:37:36+00:00\" \/>\n<meta property=\"og:image\" content=\"https:\/\/selysmilonguero.be\/wp-content\/uploads\/2024\/10\/DSC7853-scaled-e1728581788128.jpg\" \/>\n\t<meta property=\"og:image:width\" content=\"1080\" \/>\n\t<meta property=\"og:image:height\" content=\"720\" \/>\n\t<meta property=\"og:image:type\" content=\"image\/jpeg\" \/>\n<meta name=\"twitter:card\" content=\"summary_large_image\" \/>\n<meta name=\"twitter:label1\" content=\"Est. reading time\" \/>\n\t<meta name=\"twitter:data1\" content=\"1 minute\" \/>\n<script type=\"application\/ld+json\" class=\"yoast-schema-graph\">{\"@context\":\"https:\/\/schema.org\",\"@graph\":[{\"@type\":\"WebPage\",\"@id\":\"https:\/\/selysmilonguero.be\/?page_id=1415\",\"url\":\"https:\/\/selysmilonguero.be\/?page_id=1415\",\"name\":\"Travel - S\u00e9lys Milonguero\",\"isPartOf\":{\"@id\":\"https:\/\/selysmilonguero.be\/#website\"},\"primaryImageOfPage\":{\"@id\":\"https:\/\/selysmilonguero.be\/?page_id=1415#primaryimage\"},\"image\":{\"@id\":\"https:\/\/selysmilonguero.be\/?page_id=1415#primaryimage\"},\"thumbnailUrl\":\"https:\/\/selysmilonguero.be\/wp-content\/uploads\/2024\/10\/DSC7853-scaled-e1728581788128.jpg\",\"datePublished\":\"2021-11-23T12:22:09+00:00\",\"dateModified\":\"2024-10-10T17:37:36+00:00\",\"breadcrumb\":{\"@id\":\"https:\/\/selysmilonguero.be\/?page_id=1415#breadcrumb\"},\"inLanguage\":\"en-US\",\"potentialAction\":[{\"@type\":\"ReadAction\",\"target\":[\"https:\/\/selysmilonguero.be\/?page_id=1415\"]}]},{\"@type\":\"ImageObject\",\"inLanguage\":\"en-US\",\"@id\":\"https:\/\/selysmilonguero.be\/?page_id=1415#primaryimage\",\"url\":\"https:\/\/selysmilonguero.be\/wp-content\/uploads\/2024\/10\/DSC7853-scaled-e1728581788128.jpg\",\"contentUrl\":\"https:\/\/selysmilonguero.be\/wp-content\/uploads\/2024\/10\/DSC7853-scaled-e1728581788128.jpg\",\"width\":1080,\"height\":720},{\"@type\":\"BreadcrumbList\",\"@id\":\"https:\/\/selysmilonguero.be\/?page_id=1415#breadcrumb\",\"itemListElement\":[{\"@type\":\"ListItem\",\"position\":1,\"name\":\"Home\",\"item\":\"https:\/\/selysmilonguero.be\/\"},{\"@type\":\"ListItem\",\"position\":2,\"name\":\"Travel\"}]},{\"@type\":\"WebSite\",\"@id\":\"https:\/\/selysmilonguero.be\/#website\",\"url\":\"https:\/\/selysmilonguero.be\/\",\"name\":\"S\u00e9lys Milonguero\",\"description\":\"Hotel Van Der Valk S\u00e9lys Li\u00e8ge\",\"potentialAction\":[{\"@type\":\"SearchAction\",\"target\":{\"@type\":\"EntryPoint\",\"urlTemplate\":\"https:\/\/selysmilonguero.be\/?s={search_term_string}\"},\"query-input\":{\"@type\":\"PropertyValueSpecification\",\"valueRequired\":true,\"valueName\":\"search_term_string\"}}],\"inLanguage\":\"en-US\"}]}<\/script>\n<!-- \/ Yoast SEO plugin. -->","yoast_head_json":{"title":"Travel - S\u00e9lys Milonguero","robots":{"index":"index","follow":"follow","max-snippet":"max-snippet:-1","max-image-preview":"max-image-preview:large","max-video-preview":"max-video-preview:-1"},"canonical":"https:\/\/selysmilonguero.be\/?page_id=1415","og_locale":"en_US","og_type":"article","og_title":"Travel - S\u00e9lys Milonguero","og_description":"\u00a0Public transport.Train\u00a0 Liege-Guillemin\u00a0 \u00a0 \u00a0 \u00a0 \u00a0 \u00a0 \u00a0 \u00a0 \u00a0 \u00a0 \u00a0 \u00a0 2.5 km\u00a0\u00a0Train Liege-Saint-Lambert\u00a0 \u00a0 \u00a0 \u00a0 \u00a0 \u00a0 \u00a0 \u00a0 0.3 km\u00a0 Brussels-airport to-Liege-Guillemin Charleroi airport to-Liege-Guillemins\u00a0 Charleroi airport to-Liege by bus Closest airports Brussels-airport Zaventem\u00a0 \u00a0 \u00a0 \u00a0 \u00a0 \u00a0 \u00a0 81\u00a0km Charleroi airport\u00a0\u00a0 \u00a0 \u00a0 \u00a0 \u00a0 \u00a0 \u00a0 &hellip; Continue reading \"Travel\"","og_url":"https:\/\/selysmilonguero.be\/?page_id=1415","og_site_name":"S\u00e9lys Milonguero","article_modified_time":"2024-10-10T17:37:36+00:00","og_image":[{"width":1080,"height":720,"url":"https:\/\/selysmilonguero.be\/wp-content\/uploads\/2024\/10\/DSC7853-scaled-e1728581788128.jpg","type":"image\/jpeg"}],"twitter_card":"summary_large_image","twitter_misc":{"Est. reading time":"1 minute"},"schema":{"@context":"https:\/\/schema.org","@graph":[{"@type":"WebPage","@id":"https:\/\/selysmilonguero.be\/?page_id=1415","url":"https:\/\/selysmilonguero.be\/?page_id=1415","name":"Travel - S\u00e9lys Milonguero","isPartOf":{"@id":"https:\/\/selysmilonguero.be\/#website"},"primaryImageOfPage":{"@id":"https:\/\/selysmilonguero.be\/?page_id=1415#primaryimage"},"image":{"@id":"https:\/\/selysmilonguero.be\/?page_id=1415#primaryimage"},"thumbnailUrl":"https:\/\/selysmilonguero.be\/wp-content\/uploads\/2024\/10\/DSC7853-scaled-e1728581788128.jpg","datePublished":"2021-11-23T12:22:09+00:00","dateModified":"2024-10-10T17:37:36+00:00","breadcrumb":{"@id":"https:\/\/selysmilonguero.be\/?page_id=1415#breadcrumb"},"inLanguage":"en-US","potentialAction":[{"@type":"ReadAction","target":["https:\/\/selysmilonguero.be\/?page_id=1415"]}]},{"@type":"ImageObject","inLanguage":"en-US","@id":"https:\/\/selysmilonguero.be\/?page_id=1415#primaryimage","url":"https:\/\/selysmilonguero.be\/wp-content\/uploads\/2024\/10\/DSC7853-scaled-e1728581788128.jpg","contentUrl":"https:\/\/selysmilonguero.be\/wp-content\/uploads\/2024\/10\/DSC7853-scaled-e1728581788128.jpg","width":1080,"height":720},{"@type":"BreadcrumbList","@id":"https:\/\/selysmilonguero.be\/?page_id=1415#breadcrumb","itemListElement":[{"@type":"ListItem","position":1,"name":"Home","item":"https:\/\/selysmilonguero.be\/"},{"@type":"ListItem","position":2,"name":"Travel"}]},{"@type":"WebSite","@id":"https:\/\/selysmilonguero.be\/#website","url":"https:\/\/selysmilonguero.be\/","name":"S\u00e9lys Milonguero","description":"Hotel Van Der Valk S\u00e9lys Li\u00e8ge","potentialAction":[{"@type":"SearchAction","target":{"@type":"EntryPoint","urlTemplate":"https:\/\/selysmilonguero.be\/?s={search_term_string}"},"query-input":{"@type":"PropertyValueSpecification","valueRequired":true,"valueName":"search_term_string"}}],"inLanguage":"en-US"}]}},"jetpack_sharing_enabled":true,"_links":{"self":[{"href":"https:\/\/selysmilonguero.be\/index.php?rest_route=\/wp\/v2\/pages\/1415","targetHints":{"allow":["GET"]}}],"collection":[{"href":"https:\/\/selysmilonguero.be\/index.php?rest_route=\/wp\/v2\/pages"}],"about":[{"href":"https:\/\/selysmilonguero.be\/index.php?rest_route=\/wp\/v2\/types\/page"}],"author":[{"embeddable":true,"href":"https:\/\/selysmilonguero.be\/index.php?rest_route=\/wp\/v2\/users\/1"}],"replies":[{"embeddable":true,"href":"https:\/\/selysmilonguero.be\/index.php?rest_route=%2Fwp%2Fv2%2Fcomments&post=1415"}],"version-history":[{"count":16,"href":"https:\/\/selysmilonguero.be\/index.php?rest_route=\/wp\/v2\/pages\/1415\/revisions"}],"predecessor-version":[{"id":2317,"href":"https:\/\/selysmilonguero.be\/index.php?rest_route=\/wp\/v2\/pages\/1415\/revisions\/2317"}],"wp:featuredmedia":[{"embeddable":true,"href":"https:\/\/selysmilonguero.be\/index.php?rest_route=\/wp\/v2\/media\/2311"}],"wp:attachment":[{"href":"https:\/\/selysmilonguero.be\/index.php?rest_route=%2Fwp%2Fv2%2Fmedia&parent=1415"}],"curies":[{"name":"wp","href":"https:\/\/api.w.org\/{rel}","templated":true}]}}